{"id":52,"date":"2015-11-18T09:56:19","date_gmt":"2015-11-18T09:56:19","guid":{"rendered":"http:\/\/uhura-uraniae.com\/?page_id=52"},"modified":"2026-03-22T08:21:32","modified_gmt":"2026-03-22T08:21:32","slug":"in-public-media","status":"publish","type":"page","link":"https:\/\/uhura-uraniae.com\/?page_id=52","title":{"rendered":"in public media"},"content":{"rendered":"\n<p><strong><span style=\"text-decoration: underline;\"><span style=\"color: #800000; text-decoration: underline;\">list<\/span><\/span><\/strong><\/p>\n\n\n\n<figure class=\"wp-block-table\"><table><tbody><tr><td>06 Jan 2026<\/td><td>Stern von Bethlehem <\/td><td>Schweizer Radio <br>(SRF Radio)<\/td><\/tr><tr><td>23 Dec 2025<\/td><td>Neues vom Stern von Bethlehem <br>by Sibylle Anderl<\/td><td><a href=\"https:\/\/shop.zeit.de\/sortiment\/zeit-kiosk\/zeit-magazine\/zeit-wissen\">Zeit Wissen<\/a><\/td><\/tr><tr><td>Oct 2025<\/td><td>Comparattive Visualization: Babilonese MUL.APIN CULTURE DEL CIELO on Stellarium Software<br>by Guiseppe Fusco<\/td><td><a href=\"https:\/\/www.youtube.com\/watch?v=zC-zzVAdDzM\">YouTUBE<\/a><\/td><\/tr><tr><td>Oct. 2025<\/td><td>\u00ab \u00c9TOILES INVIT\u00c9ES \u00bb :<br>UNE MINE \u00c0 EXPLORER EN CHINE<br>by Guillaume Langin<\/td><td>Ciel et Espace<\/td><\/tr><tr><td>27.05. 2025<\/td><td>Article on the &#8220;1408 Nova&#8221;<br>&#8220;Astronomers Identified the Lost Star of 1408\u2026Or Have They?&#8221;<\/td><td><a href=\"https:\/\/www.universetoday.com\/articles\/astronomers-identified-the-lost-star-of-1408or-have-they\" target=\"_blank\" rel=\"noreferrer noopener\">UniverseToday<\/a><br>(also reposted by <a href=\"https:\/\/phys.org\/news\/2025-06-astronomers-lost-star.pdf\" target=\"_blank\" rel=\"noreferrer noopener\">Phys.org<\/a>)<\/td><\/tr><tr><td><\/td><td>The 1408 Story<\/td><td><a href=\"https:\/\/universemagazine.com\/en\/astronomers-reveal-the-mystery-of-the-lost-star-of-1408\/\" target=\"_blank\" rel=\"noreferrer noopener\">Universe Magazine<\/a><br><a href=\"https:\/\/gizmodo.com\/after-600-years-astronomers-finally-solve-the-mystery-of-the-missing-guest-star-2000610416\" target=\"_blank\" rel=\"noreferrer noopener\">Gizmodo<\/a><br><a href=\"https:\/\/www.popularmechanics.com\/space\/deep-space\/a64979477\/lost-star-china-1408\/\" target=\"_blank\" rel=\"noreferrer noopener\">Popular Mechanics<\/a><br><a href=\"https:\/\/www.scmp.com\/news\/china\/science\/article\/3313977\/chinese-astronomers-recorded-details-dying-stars-explosion-1408-study\" target=\"_blank\" rel=\"noreferrer noopener\">South China Morning Post<\/a> (SCMP)<br>Science Razor (<a href=\"https:\/\/mp.weixin.qq.com\/s\/S6lyjbBWDJPAJRAG7jcing\" target=\"_blank\" rel=\"noreferrer noopener\">\u79d1\u5b66\u5243\u5200<\/a>)<br>MuFu Astronomy (<a href=\"https:\/\/mp.weixin.qq.com\/s\/_AoyIxwNtlHm9c4qVgE9pA\" target=\"_blank\" rel=\"noreferrer noopener\">\u7267\u592b\u5929\u6587<\/a>)<br>Blue Dot Web (<a href=\"https:\/\/mp.weixin.qq.com\/s\/Y_4JAgUz7Ob7BiwBplp3nA\" target=\"_blank\" rel=\"noreferrer noopener\">\u84dd\u70b9\u7f51<\/a>)<\/td><\/tr><tr><td>27.12.2024<\/td><td>Interview: <br>Astronomin \u00fcber Astrologie <\/td><td>WDR 5 <br>&#8220;<a href=\"https:\/\/www1.wdr.de\/mediathek\/audio\/wdr5\/wdr5-neugier-genuegt-freiflaeche\/audio-astronomin-ueber-astrologie-100.html\">Neugier Gen\u00fcgt<\/a>&#8220;<\/td><\/tr><tr><td>Nov 2024<\/td><td>our Z Cam-paper taken up an AI-newsbot<br>(<a href=\"https:\/\/www.youtube.com\/watch?v=stwMWUw76zM\">funny on YouTube<\/a>)<\/td><td><\/td><\/tr><tr><td>30.11. 2023<\/td><td>Interview:<br>Lesung am Samstag, Stern von Bethlehem<\/td><td>Radio Siegen<br>30 Nov\/2023<\/td><\/tr><tr><td>xx.08. 2023<\/td><td>Interview &#8220;<a href=\"http:\/\/uhura-uraniae.com\/wp-content\/uploads\/2026\/03\/FREU230018_03_LL_Interview_Astrologie_TXT_1268952318_View.pdf\">Zeitgespr\u00e4ch: Steht unser Schicksal in den Sternen<\/a>&#8220;<br>(Sie sind gerne L\u00f6we, Zwillinge oder Skorpion? Wir m\u00fcssen Sie warnen: Lesen Sie dieses Interview nicht. Die Astronomin (&#8230;) hat ersch\u00fctternde Nachrichten f\u00fcr Horoskop-Fans..)<\/td><td><a href=\"http:\/\/uhura-uraniae.com\/wp-content\/uploads\/2026\/03\/FREU230018_03_LL_Interview_Astrologie_TXT_1268952318_View.pdf\">Freundin 18\/2023<\/a><\/td><\/tr><tr><td>04\/ 2023<\/td><td>Interview f\u00fcr &#8220;Mercedes-Stern statt Gro\u00dfer Wagen&#8221; von Susanna Grautmann<\/td><td>Science Notes &#8211; Das Magazin f\u00fcr Wissen und Gesellschaft,<br>Ausgabe &#8220;NACHT&#8221;, S. 96-106<\/td><\/tr><tr><td>xx.08. 2022<\/td><td>Interview in &#8220;Space Night Science&#8221; mit Dr. Sibylle Anderl<br>(Da ist scheinbar ein Fehler bzgl. Supernovae, weil das einst\u00fcndige Interview stark geschnitten wurde.)<\/td><td><a href=\"https:\/\/www.ardmediathek.de\/video\/space-night-science\/unser-blick-in-die-sterne\/ard-alpha\/Y3JpZDovL2JyLmRlL3ZpZGVvL2UzYWRlOWJlLTBhNjctNDZlNi04YjQ1LTQ5NzljYzE1YzYxMA\" target=\"_blank\" rel=\"noopener\">BR<\/a><\/td><\/tr><tr><td>29.09. 2021<\/td><td>Wer gab den Sternen ihre Namen?<\/td><td><a href=\"https:\/\/www.mz.de\/lokal\/naumburg\/wer-gab-sternen-die-namen-3253219\" target=\"_blank\" rel=\"noopener\">Naumburger Tageblatt<\/a><\/td><\/tr><tr><td>18.02. 2021<\/td><td>Im Weltall wird es zu hell; Deutschlandfunk Kultur<br>(Der sachliche Unsinn der &#8220;agilen Sterne&#8221; ist von mir in der Druckfahne moniert worden, aber der Journalist wusste es besser.)<\/td><td><a href=\"https:\/\/www.deutschlandfunkkultur.de\/lichtverschmutzung-im-weltall-wird-es-zu-hell.976.de.html?dram:article_id=492724\" target=\"_blank\" rel=\"noopener\">DfK<\/a><\/td><\/tr><tr><td>13.07. 2020<\/td><td>Pressemitteilung an der Universidad de Valpara\u00edso, Chile<\/td><td><a href=\"https:\/\/ifa.uv.cl\/importan-las-estrellas-huespedes-del-extremo-oriente-antiguo-para-la-astrofisica-de-hoy\/\" target=\"_blank\" rel=\"noopener\">Pressemitteilung<\/a><\/td><\/tr><tr><td>10.07. 2020<\/td><td>MDR Jump &#8211; Bericht \u00fcber Leuchtende Nachtwolken<\/td><td><a href=\"https:\/\/www.jumpradio.de\/thema\/leuchtende-nachtwolken-himmelsphaenomene-im-sommer-100.html\" target=\"_blank\" rel=\"noopener\">MDR Jump<\/a><\/td><\/tr><tr><td>28.12. 2019<\/td><td>MDR Kultur trifft &#8211; Menschen von hier, Sendung Live vom 28.12. 2019<\/td><td><a href=\"https:\/\/www.mdr.de\/kultur\/radio\/ipg\/sendung-509188.html\" target=\"_blank\" rel=\"noopener\">MDR Kultur, Mediathek<\/a><\/td><\/tr><tr><td>August 2019<\/td><td>Vortrag \u00fcber Geschichte der Sternbilder, M\u00e4rz 2018<\/td><td><a href=\"https:\/\/youtu.be\/XyqdMHXJ4uE\" target=\"_blank\" rel=\"noopener\">https:\/\/urknall-weltall-leben.de\/ (YouTube)<\/a><\/td><\/tr><tr><td>04 2019<\/td><td>Uni-Astronomin er\u00f6ffnet VHS-Jubil\u00e4umsfeier<br>und &#8220;Wissensvermittlung kann atemberaubend sch\u00f6n sein&#8221;<\/td><td><a href=\"https:\/\/jena.otz.de\/web\/jena\/startseite\/detail\/-\/specific\/100-Jahre-Volkshochschule-wird-auch-in-Jena-gefeiert-1549801335\" target=\"_blank\" rel=\"noopener\">OTZ-Artikel<\/a> und<br><a href=\"https:\/\/www.jenatv.de\/mediathek\/49367\/Wissbegierige_lernen_Mit_einem_Festakt_wurde_das_100_jaehrige_Jubilaeum_der_Volkshochschule_gefeiert.html\" target=\"_blank\" rel=\"noopener\">JenaTV-Beitrag<\/a><\/td><\/tr><tr><td>01 2019<\/td><td>Herschel und das unsichtbare Ende des Regenbogens<br>(PodCast von Franz Kerschbaum)<\/td><td><a href=\"https:\/\/www.podchaser.com\/podcasts\/herschel-und-das-unsichtbare-e-749027\/episodes\/her03-susanne-hoffmann-uber-as-35438357\" target=\"_blank\" rel=\"noopener\">PodCast on Hero#3<\/a><\/td><\/tr><tr><td>04 2018<\/td><td>Nachtschicht unterm Sternenhimmel<\/td><td>Lichtgedanken (FSU Magazin)<\/td><\/tr><tr><td>14. Sept 2016<\/td><td>Astronomische Expertise bei der Pressekonferenz der Arbeitsgruppe &#8220;<span class=\"wikiword\">Gebautes Wissen&#8221; (FU Berlin)<\/span> anl\u00e4sslich Grabungsabschluss der Arch\u00e4ologen in Quedlinburg<\/td><td>z.B.<br><a class=\"urllink\" href=\"http:\/\/www.mdr.de\/sachsen-anhalt\/magdeburg\/quedlinburg-ausgrabungen-100.html\" rel=\"nofollow\">MDR<\/a>, <a class=\"urllink\" href=\"http:\/\/www.lda-lsa.de\/aktuelles\/meldung\/datum\/2016\/09\/14\/jungsteinzeitliche_himmelsbeobachtung_archaeologen_der_freien_universitaet_erforschen_kreisgrabenan\/\" rel=\"nofollow\">PM LDA LSA<\/a>,<br><a class=\"urllink\" href=\"http:\/\/www.archaeologie-online.de\/magazin\/nachrichten\/ausgrabung-von-kultanlage-bei-quedlinburg-abgeschlossen-40474\/\" rel=\"nofollow\">Arch\u00e4ologie Online<\/a>\n<p>&nbsp;<\/p>\n<div class=\"vspace\">&nbsp;<\/div>\n<\/td><\/tr><tr><td>25. Sept 2015<\/td><td>Interview mit <span class=\"wikiword\">TheLocal<\/span> \u00fcber die historische Entdeckung des Neptun in Berlin<\/td><td>The Local<br><a class=\"urllink\" href=\"http:\/\/www.thelocal.de\/20150925\/how-german-astronomers-expanded-the-solar-system\" rel=\"nofollow\">Online<\/a>\n<p>&nbsp;<\/p>\n<div class=\"vspace\">&nbsp;<\/div>\n<\/td><\/tr><tr><td>2015<\/td><td>Hipparchs Himmelsglobus<\/td><td>RaumWissen (Topoi Magazin)<\/td><\/tr><tr><td>20. Mrz 2015<\/td><td>&#8230; Sonnenfinsternis &#8230; Mehr dazu erkl\u00e4rt Astronomin und Wissenschaftshistorikerin Susanne Hoffmann im Video.<\/td><td>Zeit <a class=\"urllink\" href=\"https:\/\/www.facebook.com\/zeitonline\/posts\/10153200583939429\" rel=\"nofollow\">Online<\/a>\n<p>&nbsp;<\/p>\n<div class=\"vspace\">&nbsp;<\/div>\n<\/td><\/tr><tr><td>19. Mrz 2015<\/td><td>Helle Aufregung vor der Sonnenfinsternis<\/td><td>Tagesspiegel <a class=\"urllink\" href=\"http:\/\/www.tagesspiegel.de\/wissen\/fragen-zur-sonnenfinsternis-2015-helle-aufregung-vor-der-finsternis\/11528010.html\" rel=\"nofollow\">Online<\/a>\n<p>&nbsp;<\/p>\n<div class=\"vspace\">&nbsp;<\/div>\n<\/td><\/tr><tr><td>25. Nov 2013; 22:15 bis 22:45<\/td><td>&#8220;Fasziniert von den Sternen&#8221; &#8211; ein Beitrag \u00fcber Amateurastronomen in Berlin: die AG Astronomiegeschichte der WFS<\/td><td>rbb Fernsehen\n<p>&nbsp;<\/p>\n<div class=\"vspace\">&nbsp;<\/div>\n<\/td><\/tr><tr><td>Okt 2013<\/td><td>Astronomie hinter dicken Mauern &#8211; Die Burggespr\u00e4che des Orion\n<p>&nbsp;<\/p>\n<p class=\"vspace\"><sup>von Jan Hattenbach<\/sup><\/p>\n<\/td><td>Sterne und Weltraum, Okt. 2013\n<p>&nbsp;<\/p>\n<div class=\"vspace\">&nbsp;<\/div>\n<\/td><\/tr><tr><td>24. August 2012<\/td><td>Venustransit-Jugendaustausch in Sibirien:\n<p>&nbsp;<\/p>\n<div class=\"outdent\"><a class=\"urllink\" href=\"http:\/\/www.scilogs.de\/kosmo\/blog\/uhura-uraniae\/erlebnis-astronomie\/2012-08-24\/venustransit-in-sibirien\" rel=\"nofollow\">Bericht von Katharina Goldt<\/a><\/div>\n<\/td><td>kosmologs.de\n<p>&nbsp;<\/p>\n<div class=\"vspace\">&nbsp;<\/div>\n<\/td><\/tr><tr><td>3. Juli 2012<\/td><td>dt.-russ. Jugendaustausch, Venustransit in Troms\u00f6:\n<p>&nbsp;<\/p>\n<div class=\"outdent\"><a class=\"urllink\" href=\"http:\/\/www.scilogs.de\/kosmo\/blog\/uhura-uraniae\/erlebnis-astronomie\/2012-07-03\/venustransit-in-troms\" rel=\"nofollow\">Bericht von Martha Zydron<\/a><\/div>\n<\/td><td>kosmologs.de\n<p>&nbsp;<\/p>\n<div class=\"vspace\">&nbsp;<\/div>\n<\/td><\/tr><tr><td>6. Juni 2012<\/td><td>dt.-russ. Jugendaustausch, Venustransit in Krasnojarsk:\n<p>&nbsp;<\/p>\n<div class=\"outdent\"><a class=\"urllink\" href=\"http:\/\/www.youtube.com\/watch?v=2lIbbFM5frI&amp;feature=plcp\" rel=\"nofollow\">bei YouTube<\/a>,<\/div>\n<div class=\"outdent\"><a class=\"urllink\" href=\"http:\/\/www.youtube.com\/watch?v=msdKOJ0hW_g\" rel=\"nofollow\">Forum-TV, bei YouTube<\/a><\/div>\n<\/td><td>div. russ. Fernsehsender\n<p>&nbsp;<\/p>\n<div class=\"vspace\">&nbsp;<\/div>\n<\/td><\/tr><tr><td>5. Juni 2012<\/td><td>Venustransit wird ein Jahrhundert-Ereignis &#8212; F\u00fcr diesen Anblick f\u00e4hrt Astronomin bis Sibirien<\/td><td>Hildesheimer Allgemeine Zeitung\n<p>&nbsp;<\/p>\n<div class=\"vspace\">&nbsp;<\/div>\n<\/td><\/tr><tr><td>28. April 2012<\/td><td>Die Arbeit steht in den Sternen &#8212; Girl&#8217;s Day an der Uni Hildesheim<\/td><td>Hildesheimer Allgemeine Zeitung\n<p>&nbsp;<\/p>\n<div class=\"vspace\">&nbsp;<\/div>\n<\/td><\/tr><tr><td>31. Dezember 2011<\/td><td>Schlie\u00dfung der Sternwarte knapp abgewendet<\/td><td>Hildesheimer Allgemeine Zeitung\n<p>&nbsp;<\/p>\n<div class=\"vspace\">&nbsp;<\/div>\n<\/td><\/tr><tr><td><span class=\"wikiword\">VdS<\/span>-J 1\/2011<\/td><td>Klarer Nachthimmel &#8211; was ist das?\n<p>&nbsp;<\/p>\n<p class=\"vspace\"><sup>Laura Busch, meine Praktikantin berichtet <\/sup><\/p>\n<div class=\"vspace\">&nbsp;<\/div>\n<\/td><\/tr><tr><td>April 2010<\/td><td>dt.-russ. Jugendaustausch, Besuch an der TU Omsk<\/td><td>Omsk, TV\n<p>&nbsp;<\/p>\n<div class=\"vspace\">&nbsp;<\/div>\n<\/td><\/tr><tr><td>6. April 2009<\/td><td>Astronauten treffen Kosmonauten;<br><a class=\"urllink\" href=\"http:\/\/www.taz.de\/regional\/berlin\/aktuell\/artikel\/1\/astronauten-treffen-kosmonauten\/\" rel=\"nofollow\">taz Online<\/a>\n<p>&nbsp;<\/p>\n<p class=\"vspace\"><sup>von Ad\u00e9la Jureckov\u00e1<\/sup><\/p>\n<\/td><td>taz<\/td><\/tr><tr><td>M\u00e4rz 2009<br>Radio<\/td><td>Freie Astronomin <a class=\"urllink\" href=\"http:\/\/www.urania-uhura.de\/uploads\/UhuruUraniae\/TinaHeidbornAudio.mp3\" rel=\"nofollow\">anh\u00f6ren<\/a>\n<p>&nbsp;<\/p>\n<p class=\"vspace\"><sup>von Dr. Tina Heidborn (Besuch im Kellerb\u00fcro der Sternkundigen: Susanne M Hoffmann als freie Astronomin vor)<\/sup><\/p>\n<\/td><td>Kulturradio des rbb<\/td><\/tr><tr><td>Mai 2008<br>TV<\/td><td>Bewerbung als Astronautin.\n<p>&nbsp;<\/p>\n<p class=\"vspace\"><sup>von Wolfgang Schad (Beitrag stellt Susanne M Hoffmann als Astronomin vor; mit Interviews im FEZ-Orbitall und im Astrophysikalischen Institut Potsdam)<\/sup><\/p>\n<\/td><td>(nano, Wissensmagazin in 3sat, t\u00e4glich)<\/td><\/tr><tr><td><span class=\"wikiword\">VdS<\/span>-J 1\/2008<\/td><td>Erinnerungen an das ASL und ein Projekt aus der Planetenforschung f\u00fcr die astronomische Jugendarbeit (IR)\n<p>&nbsp;<\/p>\n<p class=\"vspace\">Dank VEGA von der Profi- zur Hobby-Astronomie (<span class=\"wikiword\">IvB<\/span>)<\/p>\n<p class=\"vspace\"><sup>Iris Fleischer und Ingo von Borstel erz\u00e4hlen in pers\u00f6nlichen Berichten von unseren gemeinsamen Projekten und was sie ihnen pers\u00f6nlich gaben<\/sup><\/p>\n<\/td><td>Journal f\u00fcr Astronomie<\/td><\/tr><tr><td><span class=\"wikiword\">VdS<\/span>-J 2\/2007<\/td><td>ASL 2006\n<p>&nbsp;<\/p>\n<p class=\"vspace\"><sup>Caroline Reinert, eine Teilnehmerin erz\u00e4hlt von meinem letzten ASL<\/sup><\/p>\n<\/td><td>Journal f\u00fcr Astronomie\n<p>&nbsp;<\/p>\n<div class=\"vspace\">&nbsp;<\/div>\n<\/td><\/tr><tr><td>23.7. 2006<\/td><td>Claudia List: Stille unter Sternen\n<p>&nbsp;<\/p>\n<p class=\"vspace\"><sup>(Bericht \u00fcber W\u00fcstenwanderung mit Astronomie)<\/sup><\/p>\n<\/td><td>(Sonntagsbeilage der Stuttgarter Zeitung, w\u00f6chentlich)<\/td><\/tr><tr><td><span class=\"wikiword\">VdS<\/span>-J 2\/2005<\/td><td>VEGA-Treffen an der <span class=\"wikiword\">BoHeTa<\/span> <small>(von Willem van Kerkhof)<\/small>\n<p>&nbsp;<\/p>\n<p class=\"vspace\">ITV 2004 mit der VEGA (<span class=\"wikiword\">VdS<\/span>-Jugend) <small>von Yves Bastian<\/small><\/p>\n<p class=\"vspace\"><sup>ein Projektpartner und ein Teilnehmer berichten<\/sup><\/p>\n<\/td><td>Journal f\u00fcr Astronomie\n<p>&nbsp;<\/p>\n<div class=\"vspace\">&nbsp;<\/div>\n<\/td><\/tr><tr><td><span class=\"wikiword\">VdS<\/span>-J 1\/2005<\/td><td>ASL &#8211; Astronomisches Sommerlager\n<p>&nbsp;<\/p>\n<p class=\"vspace\"><sup>Marja K. Seidel, meine Teilnehmerin berichtet <\/sup><\/p>\n<\/td><td>Journal f\u00fcr Astronomie\n<p>&nbsp;<\/p>\n<div class=\"vspace\">&nbsp;<\/div>\n<\/td><\/tr><tr><td>2005<\/td><td>Thorsten Dambeck: Schnuppengucker und Kometenj\u00e4ger\n<p>&nbsp;<\/p>\n<p class=\"vspace\"><sup>(Beitrag stellt Susanne M Hoffmann als Astronomin vor)<\/sup><\/p>\n<\/td><td>Zeit Wissen (Magazin, quartalsweise)<\/td><\/tr><tr><td>Mai 2004, TV<\/td><td>eingeladener Studiogast; Thema: Sonnen- und Mondfinsternisse<\/td><td>Tigerenten-Club (in ARD\/ZDF, w\u00f6chentlich)<\/td><\/tr><tr><td>Mai 1999, TV<\/td><td>Fernseh-Interview,<br>Thema: Au\u00dferirdische<\/td><td>logo (Kinder-Nachrichten in ARD\/ZDF)<\/td><\/tr><\/tbody><\/table><\/figure>\n\n\n\n<p>u.a. seit 1998<\/p>\n\n\n\n<div class=\"vspace\">&nbsp;<\/div>\n\n\n\n<figure class=\"wp-block-table\"><table><tbody><tr><td><span class=\"wikiword\">VdS<\/span>-J 2\/2009<\/td><td>Auf der Reise zu einer totalen Sonnenfinsternis ins russische Novosibirsk\/ Sibirien mit der Eisenbahn\n<p>&nbsp;<\/p>\n<p class=\"vspace\"><sup>Ute Runkel<\/sup><\/p>\n<\/td><td>Journal f\u00fcr Astronomie\n<p>&nbsp;<\/p>\n<div class=\"vspace\">&nbsp;<\/div>\n<\/td><\/tr><tr><td><span class=\"wikiword\">VdS<\/span>-J 3\/2004<\/td><td>Die Arbeitsgruppe &#8220;Einf\u00fchrung in die Astronomie&#8221;\n<p>&nbsp;<\/p>\n<p class=\"vspace\"><sup>Verena Lunkenheimer, Marc Schrabback<\/sup><\/p>\n<\/td><td>Journal f\u00fcr Astronomie\n<p>&nbsp;<\/p>\n<div class=\"vspace\">&nbsp;<\/div>\n<\/td><\/tr><tr><td><span class=\"wikiword\">VdS<\/span>-J 1\/2003<\/td><td>Arbeitsgruppe &#8220;Einf\u00fchrung in die Astronomie&#8221;\n<p>&nbsp;<\/p>\n<p class=\"vspace\"><sup>Rebecca Leugner<\/sup><\/p>\n<\/td><td>Journal f\u00fcr Astronomie\n<p>&nbsp;<\/p>\n<div class=\"vspace\">&nbsp;<\/div>\n<\/td><\/tr><tr><td><span class=\"wikiword\">VdS<\/span>-J 1\/2002<\/td><td>Das Astronomische Sommerlager &#8211; ASL 2002\n<p>&nbsp;<\/p>\n<p class=\"vspace\"><sup>Iris Fleischer und Oliver Jahreis<\/sup><\/p>\n<\/td><td>Journal f\u00fcr Astronomie\n<p>&nbsp;<\/p>\n<div class=\"vspace\">&nbsp;<\/div>\n<\/td><\/tr><tr><td><span class=\"wikiword\">VdS<\/span>-J 2\/2001<\/td><td>Das Astronomiecamp f\u00fcr Jugendliche 2001\n<p>&nbsp;<\/p>\n<p class=\"vspace\"><sup>Jana Becherer<\/sup><\/p>\n<\/td><td>Journal f\u00fcr Astronomie\n<p>&nbsp;<\/p>\n<div class=\"vspace\">&nbsp;<\/div>\n<\/td><\/tr><tr><td><span class=\"wikiword\">VdS<\/span>-J 2\/2000<\/td><td>Das Jugend-<span class=\"wikiword\">AstroCamp<\/span>-M\u00fchlhausen 2000\n<p>&nbsp;<\/p>\n<p class=\"vspace\"><sup>Jana Becherer<\/sup><\/p>\n<\/td><td>Journal f\u00fcr Astronomie<\/td><\/tr><\/tbody><\/table><\/figure>\n","protected":false},"excerpt":{"rendered":"<p>list 06 Jan 2026 Stern von Bethlehem Schweizer Radio (SRF Radio) 23 Dec 2025 Neues vom Stern von Bethlehem by Sibylle Anderl Zeit Wissen Oct 2025 Comparattive Visualization: Babilonese MUL.APIN CULTURE DEL CIELO on Stellarium Softwareby Guiseppe Fusco YouTUBE Oct. 2025 \u00ab \u00c9TOILES INVIT\u00c9ES \u00bb :UNE MINE \u00c0 EXPLORER EN CHINEby Guillaume Langin Ciel et&hellip;<\/p>\n","protected":false},"author":1,"featured_media":0,"parent":0,"menu_order":0,"comment_status":"closed","ping_status":"closed","template":"","meta":{"footnotes":""},"class_list":["post-52","page","type-page","status-publish","hentry"],"_links":{"self":[{"href":"https:\/\/uhura-uraniae.com\/index.php?rest_route=\/wp\/v2\/pages\/52","targetHints":{"allow":["GET"]}}],"collection":[{"href":"https:\/\/uhura-uraniae.com\/index.php?rest_route=\/wp\/v2\/pages"}],"about":[{"href":"https:\/\/uhura-uraniae.com\/index.php?rest_route=\/wp\/v2\/types\/page"}],"author":[{"embeddable":true,"href":"https:\/\/uhura-uraniae.com\/index.php?rest_route=\/wp\/v2\/users\/1"}],"replies":[{"embeddable":true,"href":"https:\/\/uhura-uraniae.com\/index.php?rest_route=%2Fwp%2Fv2%2Fcomments&post=52"}],"version-history":[{"count":37,"href":"https:\/\/uhura-uraniae.com\/index.php?rest_route=\/wp\/v2\/pages\/52\/revisions"}],"predecessor-version":[{"id":1868,"href":"https:\/\/uhura-uraniae.com\/index.php?rest_route=\/wp\/v2\/pages\/52\/revisions\/1868"}],"wp:attachment":[{"href":"https:\/\/uhura-uraniae.com\/index.php?rest_route=%2Fwp%2Fv2%2Fmedia&parent=52"}],"curies":[{"name":"wp","href":"https:\/\/api.w.org\/{rel}","templated":true}]}}